{"id":1040,"date":"2024-03-06T14:37:47","date_gmt":"2024-03-06T14:37:47","guid":{"rendered":"https:\/\/gym-fit.es\/nuestro-equipo\/"},"modified":"2025-11-13T13:52:53","modified_gmt":"2025-11-13T13:52:53","slug":"nuestro-equipo","status":"publish","type":"page","link":"https:\/\/gym-fit.es\/de\/nuestro-equipo\/","title":{"rendered":"Unser Team"},"content":{"rendered":"<p>[et_pb_section fb_built=&#8220;1&#8243; _builder_version=&#8220;4.17.6&#8243; _module_preset=&#8220;default&#8220; background_image=&#8220;https:\/\/gym-fit.es\/wp-content\/uploads\/2023\/05\/header-gym-fit.png&#8220; custom_padding=&#8220;100px||100px||false|false&#8220; global_colors_info=&#8220;{}&#8220;][et_pb_row _builder_version=&#8220;4.17.6&#8243; _module_preset=&#8220;default&#8220; global_colors_info=&#8220;{}&#8220;][et_pb_column type=&#8220;4_4&#8243; _builder_version=&#8220;4.17.6&#8243; _module_preset=&#8220;default&#8220; global_colors_info=&#8220;{}&#8220;][et_pb_post_title meta=&#8220;off&#8220; featured_image=&#8220;off&#8220; _builder_version=&#8220;4.17.6&#8243; _module_preset=&#8220;default&#8220; title_font=&#8220;Oswald|700|||||||&#8220; title_text_align=&#8220;center&#8220; title_text_color=&#8220;#FFFFFF&#8220; title_font_size=&#8220;45px&#8220; title_letter_spacing=&#8220;2px&#8220; global_colors_info=&#8220;{}&#8220;][\/et_pb_post_title][\/et_pb_column][\/et_pb_row][\/et_pb_section][et_pb_section fb_built=&#8220;1&#8243; disabled_on=&#8220;off|off|off&#8220; _builder_version=&#8220;4.27.4&#8243; _module_preset=&#8220;default&#8220; custom_padding=&#8220;6px||16px|||&#8220; global_colors_info=&#8220;{}&#8220;][\/et_pb_section][et_pb_section fb_built=&#8220;1&#8243; _builder_version=&#8220;4.17.6&#8243; _module_preset=&#8220;default&#8220; custom_padding=&#8220;6px||4px|||&#8220; global_colors_info=&#8220;{}&#8220;][et_pb_row column_structure=&#8220;1_2,1_2&#8243; use_custom_gutter=&#8220;on&#8220; make_equal=&#8220;on&#8220; module_class=&#8220;middle reverse&#8220; _builder_version=&#8220;4.17.6&#8243; _module_preset=&#8220;default&#8220; global_colors_info=&#8220;{}&#8220;][et_pb_column type=&#8220;1_2&#8243; _builder_version=&#8220;4.17.6&#8243; _module_preset=&#8220;default&#8220; global_colors_info=&#8220;{}&#8220;][et_pb_text _builder_version=&#8220;4.27.4&#8243; _module_preset=&#8220;default&#8220; header_2_font=&#8220;Oswald||||||||&#8220; header_2_text_color=&#8220;#eb230b&#8220; header_2_font_size=&#8220;34px&#8220; header_2_letter_spacing=&#8220;2px&#8220; header_2_line_height=&#8220;1.2em&#8220; header_3_font=&#8220;Oswald||||||||&#8220; header_3_text_color=&#8220;#303030&#8243; header_3_letter_spacing=&#8220;1px&#8220; global_colors_info=&#8220;{}&#8220;]<\/p>\n<h2><span>Tine De Croix<\/span><br \/><strong><\/strong><\/h2>\n<h3><span>Physiotherapist and Pilates instructor<\/span><\/h3>\n<p>[\/et_pb_text][et_pb_accordion _builder_version=&#8220;4.27.4&#8243; _module_preset=&#8220;default&#8220; global_colors_info=&#8220;{}&#8220;][et_pb_accordion_item title=&#8220;Profil&#8220; open=&#8220;on&#8220; _builder_version=&#8220;4.27.4&#8243; _module_preset=&#8220;default&#8220; global_colors_info=&#8220;{}&#8220;]<\/p>\n<p>Hello, my name is Tine.<\/p>\n<p>You can contact me for general physiotherapy, rehabilitation after surgery and Pilates.<\/p>\n<p>I am happy to treat your physical problems or conditions such as an ankle sprain, tennis elbow, lower back pain, neck and shoulder pain, and much more.<\/p>\n<p>As an instructor of group classes, the gym has been my second home for many years. I love being at the forefront in classes like piloxing, Bodypump\u00ae (Les Mills), and core training.<\/p>\n<p>My great passion is Pilates, a functional training method that makes the whole body stronger and more flexible. In addition to teaching in a group or individually, I like to use this method in conjunction with physiotherapy treatments.<\/p>\n<p>My native language is Dutch, but I can also assist you in French, English, or Spanish.<\/p>\n<p>[\/et_pb_accordion_item][et_pb_accordion_item title=&#8220;Ausbildung \/ Bildung&#8220; _builder_version=&#8220;4.17.6&#8243; _module_preset=&#8220;default&#8220; global_colors_info=&#8220;{}&#8220; open=&#8220;off&#8220;]<\/p>\n<p>2023 \u2013 Master in Rehabilitationswissenschaften und Physiotherapie, Spezialisierung auf Rehabilitationswissenschaften und Physiotherapie bei muskuloskelettalen St\u00f6rungen, Universit\u00e4t Gent, Belgien<\/p>\n<p>2021 \u2013 Bachelor in Rehabilitationswissenschaften und Physiotherapie, Universit\u00e4t Gent, Belgien<\/p>\n<p>2017 \u2013 Zertifikat Level I Comprehensive Peak Pilates\u00ae, verliehen von Yves De Moor (Y-Pilates), in Gent, Belgien. Arbeitsbereich: Physiotherapeutin<\/p>\n<p>[\/et_pb_accordion_item][et_pb_accordion_item title=&#8220;Spezialit\u00e4ten&#8220; _builder_version=&#8220;4.17.6&#8243; _module_preset=&#8220;default&#8220; global_colors_info=&#8220;{}&#8220; open=&#8220;off&#8220;]<\/p>\n<p>&#8211; Allgemeine Physiotherapie: Behandlung verschiedener St\u00f6rungen des muskuloskelettalen Systems nach einer physischen Traumata (Kn\u00f6chelsprung, Luxationen, &#8230;) oder chronischen Krankheiten aufgrund von \u00dcberbeanspruchung (Tennisarm, Nacken- und R\u00fcckenprobleme, Schulterschmerzen, &#8230;)<\/p>\n<p>&#8211; Pr\u00e4- und postnatale Physiotherapie<\/p>\n<p>&#8211; Behandlung chronischer Krankheiten: kardiovaskul\u00e4re, neurologische, metabolische oder respiratorische St\u00f6rungen (COPD, Parkinson-Krankheit, Fibromyalgie usw.)<\/p>\n<p>&#8211; Rehabilitation nach Operationen oder Unf\u00e4llen.<\/p>\n<p>&#8211; Pilates-Lehrerin<\/p>\n<p>&#8211; Wiederherstellung von Ungleichgewichten verschiedener Muskelgruppen, die f\u00fcr einige \u00dcberlastungsbeschwerden verantwortlich sein k\u00f6nnen<\/p>\n<p>&#8211; Erlernen der richtigen Haltung bei t\u00e4glichen Aktivit\u00e4ten<\/p>\n<p>&#8211; Spezifische \u00dcbungen f\u00fcr chronische R\u00fcckenschmerzen.<\/p>\n<p>[\/et_pb_accordion_item][\/et_pb_accordion][et_pb_text _builder_version=&#8220;4.27.4&#8243; _module_preset=&#8220;default&#8220; global_colors_info=&#8220;{}&#8220;]<\/p>\n<p><strong>Phone: <a href=\"tel:0034683247281\">(+34) 683 24 72 81<\/a><\/strong><br \/><strong>Email: <a href=\"mailto:info@fisiopilatestine.es\"><span>info@fisiopilatestine.es<\/span><\/a><\/strong><\/p>\n<p>[\/et_pb_text][\/et_pb_column][et_pb_column type=&#8220;1_2&#8243; _builder_version=&#8220;4.17.6&#8243; _module_preset=&#8220;default&#8220; global_colors_info=&#8220;{}&#8220;][et_pb_image src=&#8220;https:\/\/gym-fit.es\/wp-content\/uploads\/2024\/03\/Tine-de-Croix.jpg&#8220; title_text=&#8220;Tine de Croix&#8220; align=&#8220;center&#8220; align_tablet=&#8220;center&#8220; align_phone=&#8220;center&#8220; align_last_edited=&#8220;on|desktop&#8220; module_class=&#8220;class-margg&#8220; _builder_version=&#8220;4.17.6&#8243; custom_padding=&#8220;||||false|false&#8220; custom_padding_tablet=&#8220;&#8220; custom_padding_phone=&#8220;|0px||&#8220; custom_padding_last_edited=&#8220;on|phone&#8220; border_radii=&#8220;off||13vw||&#8220; box_shadow_style=&#8220;preset3&#8243; box_shadow_vertical=&#8220;72px&#8220; box_shadow_blur=&#8220;130px&#8220; box_shadow_spread=&#8220;-32px&#8220; box_shadow_color=&#8220;rgba(149,173,193,0.55)&#8220; global_colors_info=&#8220;{}&#8220; box_shadow_blur__hover=&#8220;120px&#8220; box_shadow_color__hover=&#8220;rgba(149,173,193,0.29)&#8220;][\/et_pb_image][\/et_pb_column][\/et_pb_row][et_pb_row column_structure=&#8220;1_2,1_2&#8243; use_custom_gutter=&#8220;on&#8220; make_equal=&#8220;on&#8220; disabled_on=&#8220;off|off|off&#8220; module_class=&#8220;middle&#8220; _builder_version=&#8220;4.17.6&#8243; _module_preset=&#8220;default&#8220; global_colors_info=&#8220;{}&#8220;][et_pb_column type=&#8220;1_2&#8243; _builder_version=&#8220;4.17.6&#8243; _module_preset=&#8220;default&#8220; global_colors_info=&#8220;{}&#8220;][et_pb_image src=&#8220;https:\/\/gym-fit.es\/wp-content\/uploads\/2025\/03\/Sara-Poric-3.jpg&#8220; title_text=&#8220;Sara Pori\u0107 3&#8243; align=&#8220;center&#8220; align_tablet=&#8220;center&#8220; align_phone=&#8220;center&#8220; align_last_edited=&#8220;on|desktop&#8220; module_class=&#8220;class-margg&#8220; _builder_version=&#8220;4.27.4&#8243; custom_padding=&#8220;||||false|false&#8220; custom_padding_tablet=&#8220;&#8220; custom_padding_phone=&#8220;|0px||&#8220; custom_padding_last_edited=&#8220;on|phone&#8220; hover_enabled=&#8220;0&#8243; border_radii=&#8220;off||13vw||&#8220; box_shadow_style=&#8220;preset3&#8243; box_shadow_vertical=&#8220;72px&#8220; box_shadow_blur=&#8220;130px&#8220; box_shadow_spread=&#8220;-32px&#8220; box_shadow_color=&#8220;rgba(149,173,193,0.55)&#8220; global_colors_info=&#8220;{}&#8220; box_shadow_blur__hover=&#8220;120px&#8220; box_shadow_color__hover=&#8220;rgba(149,173,193,0.29)&#8220; sticky_enabled=&#8220;0&#8243;][\/et_pb_image][\/et_pb_column][et_pb_column type=&#8220;1_2&#8243; _builder_version=&#8220;4.17.6&#8243; _module_preset=&#8220;default&#8220; global_colors_info=&#8220;{}&#8220;][et_pb_text _builder_version=&#8220;4.27.4&#8243; _module_preset=&#8220;default&#8220; header_2_font=&#8220;Oswald||||||||&#8220; header_2_text_color=&#8220;#eb230b&#8220; header_2_font_size=&#8220;34px&#8220; header_2_letter_spacing=&#8220;2px&#8220; header_2_line_height=&#8220;1.2em&#8220; header_3_font=&#8220;Oswald||||||||&#8220; header_3_text_color=&#8220;#303030&#8243; header_3_letter_spacing=&#8220;1px&#8220; hover_enabled=&#8220;0&#8243; global_colors_info=&#8220;{}&#8220; sticky_enabled=&#8220;0&#8243;]<\/p>\n<h2><strong>Andrea Maria Felice Oliban<\/strong><\/h2>\n<p><strong>Personal Trainerin mit mehr als 6 Jahren Erfahrung in der Fitnesswelt.<\/strong><\/p>\n<p data-start=\"44\" data-end=\"600\">Meine Mission ist es, Frauen dabei zu helfen, ihren K\u00f6rper zu transformieren, ihre k\u00f6rperliche und geistige Gesundheit zu verbessern und ihr Selbstvertrauen zu st\u00e4rken.<br data-start=\"289\" data-end=\"292\" \/>Ich bem\u00fche mich, eine Umgebung zu schaffen, in der sich jede Frau stark, unterst\u00fctzt und motiviert f\u00fchlt.<br data-start=\"397\" data-end=\"400\" \/>Ich biete pers\u00f6nliches 1-zu-1-Training vor Ort, individuelle Trainingsprogramme und grundlegende Ern\u00e4hrungsberatung an.<br data-start=\"519\" data-end=\"522\" \/>Au\u00dferdem gebe ich auf Wunsch allgemeine Empfehlungen f\u00fcr zuk\u00fcnftige Trainings.<\/p>\n<p data-start=\"602\" data-end=\"716\" data-is-last-node=\"\" data-is-only-node=\"\">Meine Muttersprache ist Slowenisch, aber ich kann dir auch auf Serbisch, Kroatisch, Englisch oder Spanisch helfen.<\/p>\n<p>[\/et_pb_text][et_pb_toggle title=&#8220;Ich bin spezialisiert darauf&#8220; _builder_version=&#8220;4.27.4&#8243; _module_preset=&#8220;default&#8220; custom_margin=&#8220;||9px|||&#8220; hover_enabled=&#8220;0&#8243; global_colors_info=&#8220;{}&#8220; sticky_enabled=&#8220;0&#8243;]<\/p>\n<p data-start=\"44\" data-end=\"116\">Ganz gleich, welche deine Ziele sind:<\/p>\n<p data-start=\"118\" data-end=\"335\" data-is-last-node=\"\" data-is-only-node=\"\">\u2013 Deinen K\u00f6rper zu formen und zu straffen.<br data-start=\"160\" data-end=\"163\" \/>\u2013 Gewichtsverlust und Muskelaufbau.<br data-start=\"198\" data-end=\"201\" \/>\u2013 Personalisierte Trainingsprogramme.<br data-start=\"238\" data-end=\"241\" \/>\u2013 Ein ganzheitlicher Ansatz, der einen gesunden Lebensstil und nachhaltige Ergebnisse f\u00f6rdert.<\/p>\n<p>[\/et_pb_toggle][et_pb_toggle title=&#8220;Kontaktiere mich, wenn du m\u00f6chtest:&#8220; _builder_version=&#8220;4.27.4&#8243; _module_preset=&#8220;default&#8220; custom_margin=&#8220;||9px|||&#8220; hover_enabled=&#8220;0&#8243; global_colors_info=&#8220;{}&#8220; sticky_enabled=&#8220;0&#8243;]<\/p>\n<p>\u2013 Deinen K\u00f6rper formen und st\u00e4rken.<br data-start=\"121\" data-end=\"124\" data-is-only-node=\"\" \/>\u2013 Nachhaltige Ergebnisse erzielen.<br data-start=\"158\" data-end=\"161\" \/>\u2013 Gesunde Gewohnheiten aufbauen und einen aktiven Lebensstil annehmen.<br data-start=\"231\" data-end=\"234\" \/>\u2013 In einer unterst\u00fctzenden und motivierenden Umgebung trainieren.<br data-start=\"299\" data-end=\"302\" \/>\u2013 Deine Gesundheit pflegen und dein allgemeines Wohlbefinden verbessern.<\/p>\n<p>[\/et_pb_toggle][et_pb_text _builder_version=&#8220;4.27.4&#8243; _module_preset=&#8220;default&#8220; hover_enabled=&#8220;0&#8243; global_colors_info=&#8220;{}&#8220; sticky_enabled=&#8220;0&#8243;]<\/p>\n<p><strong><span>WhatsApp:\u00a0<a href=\"tel:0038640187867\">(+386)40 187 867<\/a><\/span><\/strong><br \/><strong>Instagram: sar_fittt<\/strong><\/p>\n<p>[\/et_pb_text][\/et_pb_column][\/et_pb_row][et_pb_row column_structure=&#8220;1_2,1_2&#8243; use_custom_gutter=&#8220;on&#8220; make_equal=&#8220;on&#8220; module_class=&#8220;middle reverse&#8220; _builder_version=&#8220;4.17.6&#8243; _module_preset=&#8220;default&#8220; global_colors_info=&#8220;{}&#8220;][et_pb_column type=&#8220;1_2&#8243; _builder_version=&#8220;4.17.6&#8243; _module_preset=&#8220;default&#8220; global_colors_info=&#8220;{}&#8220;][et_pb_text _builder_version=&#8220;4.27.4&#8243; _module_preset=&#8220;default&#8220; header_2_font=&#8220;Oswald||||||||&#8220; header_2_text_color=&#8220;#eb230b&#8220; header_2_font_size=&#8220;34px&#8220; header_2_letter_spacing=&#8220;2px&#8220; header_2_line_height=&#8220;1.2em&#8220; header_3_font=&#8220;Oswald||||||||&#8220; header_3_text_color=&#8220;#303030&#8243; header_3_letter_spacing=&#8220;1px&#8220; hover_enabled=&#8220;0&#8243; global_colors_info=&#8220;{}&#8220; sticky_enabled=&#8220;0&#8243;]<\/p>\n<h2><span>Alba Carrillo<\/span><br \/><strong><\/strong><\/h2>\n<h3><span>Krafttrainingsinstruktorin und Sportcoach<\/span><\/h3>\n<p>[\/et_pb_text][et_pb_accordion _builder_version=&#8220;4.27.4&#8243; _module_preset=&#8220;default&#8220; hover_enabled=&#8220;0&#8243; global_colors_info=&#8220;{}&#8220; sticky_enabled=&#8220;0&#8243;][et_pb_accordion_item title=&#8220;Profil&#8220; open=&#8220;on&#8220; _builder_version=&#8220;4.27.4&#8243; _module_preset=&#8220;default&#8220; hover_enabled=&#8220;0&#8243; global_colors_info=&#8220;{}&#8220; sticky_enabled=&#8220;0&#8243;]<\/p>\n<p data-start=\"91\" data-end=\"500\">Ich begleite Frauen, die mehr Kraft, Selbstvertrauen und eine bessere k\u00f6rperliche Form erreichen m\u00f6chten \u2013 ohne extreme Di\u00e4ten oder unm\u00f6gliche Trainingsroutinen.<br data-start=\"252\" data-end=\"255\" \/>Training bedeutet nicht nur, deinen K\u00f6rper zu ver\u00e4ndern, sondern auch zu lernen, dich selbst zu lieben, auf dich zu achten und dich jeden Tag zu \u00fcbertreffen.<\/p>\n<p data-start=\"91\" data-end=\"500\"><br data-start=\"412\" data-end=\"415\" \/>\u2728 Gemeinsam bauen wir die beste Version von dir auf: stark, gesund und selbstbewusst.<br \/>\ud83d\udcaa\ud83c\udffc Krafttrainingsinstruktorin und Sportcoach<br data-start=\"548\" data-end=\"551\" \/>\ud83c\udf38 Training f\u00fcr echte Frauen<br data-start=\"579\" data-end=\"582\" \/>\u2728 St\u00e4rke, Selbstvertrauen und Wohlbefinden<\/p>\n<p>[\/et_pb_accordion_item][\/et_pb_accordion][et_pb_text _builder_version=&#8220;4.27.4&#8243; _module_preset=&#8220;default&#8220; global_colors_info=&#8220;{}&#8220;]<\/p>\n<p><strong>Phone: <a href=\"tel:0034683247281\">(+34) 683 24 72 81<\/a><\/strong><br \/><strong>Email: <a href=\"mailto:info@fisiopilatestine.es\"><span>info@fisiopilatestine.es<\/span><\/a><\/strong><\/p>\n<p>[\/et_pb_text][\/et_pb_column][et_pb_column type=&#8220;1_2&#8243; _builder_version=&#8220;4.17.6&#8243; _module_preset=&#8220;default&#8220; global_colors_info=&#8220;{}&#8220;][et_pb_image src=&#8220;https:\/\/gym-fit.es\/wp-content\/uploads\/2025\/11\/Alba-Carrillo.jpg&#8220; title_text=&#8220;Alba Carrillo&#8220; align=&#8220;center&#8220; align_tablet=&#8220;center&#8220; align_phone=&#8220;center&#8220; align_last_edited=&#8220;on|desktop&#8220; module_class=&#8220;class-margg&#8220; _builder_version=&#8220;4.27.4&#8243; custom_padding=&#8220;||||false|false&#8220; custom_padding_tablet=&#8220;&#8220; custom_padding_phone=&#8220;|0px||&#8220; custom_padding_last_edited=&#8220;on|phone&#8220; hover_enabled=&#8220;0&#8243; border_radii=&#8220;off||13vw||&#8220; box_shadow_style=&#8220;preset3&#8243; box_shadow_vertical=&#8220;72px&#8220; box_shadow_blur=&#8220;130px&#8220; box_shadow_spread=&#8220;-32px&#8220; box_shadow_color=&#8220;rgba(149,173,193,0.55)&#8220; global_colors_info=&#8220;{}&#8220; box_shadow_blur__hover=&#8220;120px&#8220; box_shadow_color__hover=&#8220;rgba(149,173,193,0.29)&#8220; sticky_enabled=&#8220;0&#8243;][\/et_pb_image][\/et_pb_column][\/et_pb_row][\/et_pb_section]<\/p>\n","protected":false},"excerpt":{"rendered":"<p>Tine De Croix Physiotherapist and Pilates instructorHello, my name is Tine. You can contact me for general physiotherapy, rehabilitation after surgery and Pilates. I am happy to treat your physical problems or conditions such as an ankle sprain, tennis elbow, lower back pain, neck and shoulder pain, and much more. As an instructor of group [&hellip;]<\/p>\n","protected":false},"author":2,"featured_media":0,"parent":0,"menu_order":0,"comment_status":"closed","ping_status":"closed","template":"","meta":{"_et_pb_use_builder":"on","_et_pb_old_content":"","_et_gb_content_width":"","footnotes":""},"class_list":["post-1040","page","type-page","status-publish","hentry"],"aioseo_notices":[],"yoast_head":"<!-- This site is optimized with the Yoast SEO plugin v26.7 - https:\/\/yoast.com\/wordpress\/plugins\/seo\/ -->\n<title>Unser Team - Gym-Fit<\/title>\n<meta name=\"robots\" content=\"index, follow, max-snippet:-1, max-image-preview:large, max-video-preview:-1\" \/>\n<link rel=\"canonical\" href=\"https:\/\/gym-fit.es\/de\/nuestro-equipo\/\" \/>\n<meta property=\"og:locale\" content=\"de_DE\" \/>\n<meta property=\"og:type\" content=\"article\" \/>\n<meta property=\"og:title\" content=\"Unser Team - Gym-Fit\" \/>\n<meta property=\"og:description\" content=\"Tine De Croix Physiotherapist and Pilates instructorHello, my name is Tine. You can contact me for general physiotherapy, rehabilitation after surgery and Pilates. I am happy to treat your physical problems or conditions such as an ankle sprain, tennis elbow, lower back pain, neck and shoulder pain, and much more. As an instructor of group [&hellip;]\" \/>\n<meta property=\"og:url\" content=\"https:\/\/gym-fit.es\/de\/nuestro-equipo\/\" \/>\n<meta property=\"og:site_name\" content=\"Gym-Fit\" \/>\n<meta property=\"article:modified_time\" content=\"2025-11-13T13:52:53+00:00\" \/>\n<meta property=\"og:image\" content=\"https:\/\/gym-fit.es\/wp-content\/uploads\/2023\/06\/logo-gym-fit.png\" \/>\n\t<meta property=\"og:image:width\" content=\"591\" \/>\n\t<meta property=\"og:image:height\" content=\"591\" \/>\n\t<meta property=\"og:image:type\" content=\"image\/png\" \/>\n<meta name=\"twitter:card\" content=\"summary_large_image\" \/>\n<meta name=\"twitter:label1\" content=\"Gesch\u00e4tzte Lesezeit\" \/>\n\t<meta name=\"twitter:data1\" content=\"8\u00a0Minuten\" \/>\n<script type=\"application\/ld+json\" class=\"yoast-schema-graph\">{\"@context\":\"https:\/\/schema.org\",\"@graph\":[{\"@type\":\"WebPage\",\"@id\":\"https:\/\/gym-fit.es\/de\/nuestro-equipo\/\",\"url\":\"https:\/\/gym-fit.es\/de\/nuestro-equipo\/\",\"name\":\"Unser Team - Gym-Fit\",\"isPartOf\":{\"@id\":\"https:\/\/gym-fit.es\/de\/#website\"},\"datePublished\":\"2024-03-06T14:37:47+00:00\",\"dateModified\":\"2025-11-13T13:52:53+00:00\",\"breadcrumb\":{\"@id\":\"https:\/\/gym-fit.es\/de\/nuestro-equipo\/#breadcrumb\"},\"inLanguage\":\"de\",\"potentialAction\":[{\"@type\":\"ReadAction\",\"target\":[\"https:\/\/gym-fit.es\/de\/nuestro-equipo\/\"]}]},{\"@type\":\"BreadcrumbList\",\"@id\":\"https:\/\/gym-fit.es\/de\/nuestro-equipo\/#breadcrumb\",\"itemListElement\":[{\"@type\":\"ListItem\",\"position\":1,\"name\":\"Accueil\",\"item\":\"https:\/\/gym-fit.es\/de\/\"},{\"@type\":\"ListItem\",\"position\":2,\"name\":\"Unser Team\"}]},{\"@type\":\"WebSite\",\"@id\":\"https:\/\/gym-fit.es\/de\/#website\",\"url\":\"https:\/\/gym-fit.es\/de\/\",\"name\":\"Gym-Fit\",\"description\":\"\",\"publisher\":{\"@id\":\"https:\/\/gym-fit.es\/de\/#organization\"},\"potentialAction\":[{\"@type\":\"SearchAction\",\"target\":{\"@type\":\"EntryPoint\",\"urlTemplate\":\"https:\/\/gym-fit.es\/de\/?s={search_term_string}\"},\"query-input\":{\"@type\":\"PropertyValueSpecification\",\"valueRequired\":true,\"valueName\":\"search_term_string\"}}],\"inLanguage\":\"de\"},{\"@type\":\"Organization\",\"@id\":\"https:\/\/gym-fit.es\/de\/#organization\",\"name\":\"Gym-Fit\",\"url\":\"https:\/\/gym-fit.es\/de\/\",\"logo\":{\"@type\":\"ImageObject\",\"inLanguage\":\"de\",\"@id\":\"https:\/\/gym-fit.es\/de\/#\/schema\/logo\/image\/\",\"url\":\"https:\/\/gym-fit.es\/wp-content\/uploads\/2023\/06\/logo-gym-fit.png\",\"contentUrl\":\"https:\/\/gym-fit.es\/wp-content\/uploads\/2023\/06\/logo-gym-fit.png\",\"width\":591,\"height\":591,\"caption\":\"Gym-Fit\"},\"image\":{\"@id\":\"https:\/\/gym-fit.es\/de\/#\/schema\/logo\/image\/\"}}]}<\/script>\n<!-- \/ Yoast SEO plugin. -->","yoast_head_json":{"title":"Unser Team - Gym-Fit","robots":{"index":"index","follow":"follow","max-snippet":"max-snippet:-1","max-image-preview":"max-image-preview:large","max-video-preview":"max-video-preview:-1"},"canonical":"https:\/\/gym-fit.es\/de\/nuestro-equipo\/","og_locale":"de_DE","og_type":"article","og_title":"Unser Team - Gym-Fit","og_description":"Tine De Croix Physiotherapist and Pilates instructorHello, my name is Tine. You can contact me for general physiotherapy, rehabilitation after surgery and Pilates. I am happy to treat your physical problems or conditions such as an ankle sprain, tennis elbow, lower back pain, neck and shoulder pain, and much more. As an instructor of group [&hellip;]","og_url":"https:\/\/gym-fit.es\/de\/nuestro-equipo\/","og_site_name":"Gym-Fit","article_modified_time":"2025-11-13T13:52:53+00:00","og_image":[{"width":591,"height":591,"url":"https:\/\/gym-fit.es\/wp-content\/uploads\/2023\/06\/logo-gym-fit.png","type":"image\/png"}],"twitter_card":"summary_large_image","twitter_misc":{"Gesch\u00e4tzte Lesezeit":"8\u00a0Minuten"},"schema":{"@context":"https:\/\/schema.org","@graph":[{"@type":"WebPage","@id":"https:\/\/gym-fit.es\/de\/nuestro-equipo\/","url":"https:\/\/gym-fit.es\/de\/nuestro-equipo\/","name":"Unser Team - Gym-Fit","isPartOf":{"@id":"https:\/\/gym-fit.es\/de\/#website"},"datePublished":"2024-03-06T14:37:47+00:00","dateModified":"2025-11-13T13:52:53+00:00","breadcrumb":{"@id":"https:\/\/gym-fit.es\/de\/nuestro-equipo\/#breadcrumb"},"inLanguage":"de","potentialAction":[{"@type":"ReadAction","target":["https:\/\/gym-fit.es\/de\/nuestro-equipo\/"]}]},{"@type":"BreadcrumbList","@id":"https:\/\/gym-fit.es\/de\/nuestro-equipo\/#breadcrumb","itemListElement":[{"@type":"ListItem","position":1,"name":"Accueil","item":"https:\/\/gym-fit.es\/de\/"},{"@type":"ListItem","position":2,"name":"Unser Team"}]},{"@type":"WebSite","@id":"https:\/\/gym-fit.es\/de\/#website","url":"https:\/\/gym-fit.es\/de\/","name":"Gym-Fit","description":"","publisher":{"@id":"https:\/\/gym-fit.es\/de\/#organization"},"potentialAction":[{"@type":"SearchAction","target":{"@type":"EntryPoint","urlTemplate":"https:\/\/gym-fit.es\/de\/?s={search_term_string}"},"query-input":{"@type":"PropertyValueSpecification","valueRequired":true,"valueName":"search_term_string"}}],"inLanguage":"de"},{"@type":"Organization","@id":"https:\/\/gym-fit.es\/de\/#organization","name":"Gym-Fit","url":"https:\/\/gym-fit.es\/de\/","logo":{"@type":"ImageObject","inLanguage":"de","@id":"https:\/\/gym-fit.es\/de\/#\/schema\/logo\/image\/","url":"https:\/\/gym-fit.es\/wp-content\/uploads\/2023\/06\/logo-gym-fit.png","contentUrl":"https:\/\/gym-fit.es\/wp-content\/uploads\/2023\/06\/logo-gym-fit.png","width":591,"height":591,"caption":"Gym-Fit"},"image":{"@id":"https:\/\/gym-fit.es\/de\/#\/schema\/logo\/image\/"}}]}},"_links":{"self":[{"href":"https:\/\/gym-fit.es\/de\/wp-json\/wp\/v2\/pages\/1040","targetHints":{"allow":["GET"]}}],"collection":[{"href":"https:\/\/gym-fit.es\/de\/wp-json\/wp\/v2\/pages"}],"about":[{"href":"https:\/\/gym-fit.es\/de\/wp-json\/wp\/v2\/types\/page"}],"author":[{"embeddable":true,"href":"https:\/\/gym-fit.es\/de\/wp-json\/wp\/v2\/users\/2"}],"replies":[{"embeddable":true,"href":"https:\/\/gym-fit.es\/de\/wp-json\/wp\/v2\/comments?post=1040"}],"version-history":[{"count":26,"href":"https:\/\/gym-fit.es\/de\/wp-json\/wp\/v2\/pages\/1040\/revisions"}],"predecessor-version":[{"id":2320,"href":"https:\/\/gym-fit.es\/de\/wp-json\/wp\/v2\/pages\/1040\/revisions\/2320"}],"wp:attachment":[{"href":"https:\/\/gym-fit.es\/de\/wp-json\/wp\/v2\/media?parent=1040"}],"curies":[{"name":"wp","href":"https:\/\/api.w.org\/{rel}","templated":true}]}}