{"id":1039,"date":"2024-03-06T14:37:47","date_gmt":"2024-03-06T14:37:47","guid":{"rendered":"https:\/\/gym-fit.es\/nuestro-equipo\/"},"modified":"2025-11-13T15:43:46","modified_gmt":"2025-11-13T15:43:46","slug":"nuestro-equipo","status":"publish","type":"page","link":"https:\/\/gym-fit.es\/fr\/nuestro-equipo\/","title":{"rendered":"Notre \u00e9quipe"},"content":{"rendered":"<p>[et_pb_section fb_built=\u00a0\u00bb1&Prime; _builder_version=\u00a0\u00bb4.17.6&Prime; _module_preset=\u00a0\u00bbdefault\u00a0\u00bb background_image=\u00a0\u00bbhttps:\/\/gym-fit.es\/wp-content\/uploads\/2023\/05\/header-gym-fit.png\u00a0\u00bb custom_padding=\u00a0\u00bb100px||100px||false|false\u00a0\u00bb global_colors_info=\u00a0\u00bb{}\u00a0\u00bb][et_pb_row _builder_version=\u00a0\u00bb4.17.6&Prime; _module_preset=\u00a0\u00bbdefault\u00a0\u00bb global_colors_info=\u00a0\u00bb{}\u00a0\u00bb][et_pb_column type=\u00a0\u00bb4_4&Prime; _builder_version=\u00a0\u00bb4.17.6&Prime; _module_preset=\u00a0\u00bbdefault\u00a0\u00bb global_colors_info=\u00a0\u00bb{}\u00a0\u00bb][et_pb_post_title meta=\u00a0\u00bboff\u00a0\u00bb featured_image=\u00a0\u00bboff\u00a0\u00bb _builder_version=\u00a0\u00bb4.17.6&Prime; _module_preset=\u00a0\u00bbdefault\u00a0\u00bb title_font=\u00a0\u00bbOswald|700|||||||\u00a0\u00bb title_text_align=\u00a0\u00bbcenter\u00a0\u00bb title_text_color=\u00a0\u00bb#FFFFFF\u00a0\u00bb title_font_size=\u00a0\u00bb45px\u00a0\u00bb title_letter_spacing=\u00a0\u00bb2px\u00a0\u00bb global_colors_info=\u00a0\u00bb{}\u00a0\u00bb][\/et_pb_post_title][\/et_pb_column][\/et_pb_row][\/et_pb_section][et_pb_section fb_built=\u00a0\u00bb1&Prime; disabled_on=\u00a0\u00bboff|off|off\u00a0\u00bb _builder_version=\u00a0\u00bb4.27.4&Prime; _module_preset=\u00a0\u00bbdefault\u00a0\u00bb custom_padding=\u00a0\u00bb6px||16px|||\u00a0\u00bb global_colors_info=\u00a0\u00bb{}\u00a0\u00bb][et_pb_row column_structure=\u00a0\u00bb1_2,1_2&Prime; use_custom_gutter=\u00a0\u00bbon\u00a0\u00bb make_equal=\u00a0\u00bbon\u00a0\u00bb disabled_on=\u00a0\u00bbon|on|on\u00a0\u00bb module_class=\u00a0\u00bbmiddle\u00a0\u00bb _builder_version=\u00a0\u00bb4.27.4&Prime; _module_preset=\u00a0\u00bbdefault\u00a0\u00bb disabled=\u00a0\u00bbon\u00a0\u00bb global_colors_info=\u00a0\u00bb{}\u00a0\u00bb][et_pb_column type=\u00a0\u00bb1_2&Prime; _builder_version=\u00a0\u00bb4.17.6&Prime; _module_preset=\u00a0\u00bbdefault\u00a0\u00bb global_colors_info=\u00a0\u00bb{}\u00a0\u00bb][et_pb_image src=\u00a0\u00bbhttps:\/\/gym-fit.es\/wp-content\/uploads\/2024\/03\/andrea.jpg\u00a0\u00bb title_text=\u00a0\u00bbandrea\u00a0\u00bb align=\u00a0\u00bbcenter\u00a0\u00bb align_tablet=\u00a0\u00bbcenter\u00a0\u00bb align_phone=\u00a0\u00bbcenter\u00a0\u00bb align_last_edited=\u00a0\u00bbon|desktop\u00a0\u00bb module_class=\u00a0\u00bbclass-margg\u00a0\u00bb _builder_version=\u00a0\u00bb4.17.6&Prime; custom_padding=\u00a0\u00bb||||false|false\u00a0\u00bb custom_padding_tablet=\u00a0\u00bb\u00a0\u00bb custom_padding_phone=\u00a0\u00bb|0px||\u00a0\u00bb custom_padding_last_edited=\u00a0\u00bbon|phone\u00a0\u00bb border_radii=\u00a0\u00bboff||13vw||\u00a0\u00bb box_shadow_style=\u00a0\u00bbpreset3&Prime; box_shadow_vertical=\u00a0\u00bb72px\u00a0\u00bb box_shadow_blur=\u00a0\u00bb130px\u00a0\u00bb box_shadow_spread=\u00a0\u00bb-32px\u00a0\u00bb box_shadow_color=\u00a0\u00bbrgba(149,173,193,0.55)\u00a0\u00bb global_colors_info=\u00a0\u00bb{}\u00a0\u00bb box_shadow_blur__hover=\u00a0\u00bb120px\u00a0\u00bb box_shadow_color__hover=\u00a0\u00bbrgba(149,173,193,0.29)\u00a0\u00bb][\/et_pb_image][\/et_pb_column][et_pb_column type=\u00a0\u00bb1_2&Prime; _builder_version=\u00a0\u00bb4.17.6&Prime; _module_preset=\u00a0\u00bbdefault\u00a0\u00bb global_colors_info=\u00a0\u00bb{}\u00a0\u00bb][et_pb_text _builder_version=\u00a0\u00bb4.17.6&Prime; _module_preset=\u00a0\u00bbdefault\u00a0\u00bb header_2_font=\u00a0\u00bbOswald||||||||\u00a0\u00bb header_2_text_color=\u00a0\u00bb#eb230b\u00a0\u00bb header_2_font_size=\u00a0\u00bb34px\u00a0\u00bb header_2_letter_spacing=\u00a0\u00bb2px\u00a0\u00bb header_2_line_height=\u00a0\u00bb1.2em\u00a0\u00bb header_3_font=\u00a0\u00bbOswald||||||||\u00a0\u00bb header_3_text_color=\u00a0\u00bb#303030&Prime; header_3_letter_spacing=\u00a0\u00bb1px\u00a0\u00bb global_colors_info=\u00a0\u00bb{}\u00a0\u00bb]<\/p>\n<h2><strong>Andrea Maria Felice Oliban<\/strong><\/h2>\n<h3><strong><u>Certified Fitness Trainer &amp; Body Composition Specialiat<\/u><\/strong><\/h3>\n<p>Entra\u00eeneur personnel sp\u00e9cialis\u00e9 dans la recomposition corporelle. Atteignez votre meilleure forme physique \u00e0 tout \u00e2ge. Contr\u00f4ler sa composition corporelle \u00e9tape par \u00e9tape :<\/p>\n<ul>\n<li>L&rsquo;hydratation,<\/li>\n<li>Masse musculaire,<\/li>\n<li>Masse grasse,<\/li>\n<li>Sant\u00e9 des cellules<\/li>\n<\/ul>\n<p>il est possible de reprogrammer rapidement votre activit\u00e9 physique sans perdre de temps pour atteindre votre objectif : Am\u00e9liorer l&rsquo;esth\u00e9tique de votre corps dans la r\u00e9p\u00e9tition de votre sant\u00e9.<\/p>\n<p>[\/et_pb_text][et_pb_toggle title=\u00a0\u00bbFormations\u00a0\u00bb _builder_version=\u00a0\u00bb4.17.6&Prime; _module_preset=\u00a0\u00bbdefault\u00a0\u00bb custom_margin=\u00a0\u00bb||9px|||\u00a0\u00bb global_colors_info=\u00a0\u00bb{}\u00a0\u00bb]<\/p>\n<p>2024 &#8211; Akern Academy training course : Change of bioelectrical parameters after endurance training in elderly people. Akern, webinaire de formation continue, Italie.<\/p>\n<p>2020 &#8211; Entra\u00eenement pour la Spartan Trail. J.T.Godin, Ph.D., CSCS, responsable de l&rsquo;\u00e9ducation physique, Spartan Race Inc, s\u00e9minaire web d&rsquo;\u00e9ducation continue Cours Spartan SGX<\/p>\n<p>2020 &#8211; Le r\u00f4le du somatotype dans l&rsquo;analyse de l&rsquo;imp\u00e9dance bio\u00e9lectrique vectorielle : une nouvelle zone cible pour les athl\u00e8tes. Dr. F. Campa, Akern-Jatreia, Formation continue en ligne, Italie<\/p>\n<p>2020 &#8211; La bio-imp\u00e9dancem\u00e9trie dans l&rsquo;ob\u00e9sit\u00e9 et la perte de poids. Dr. M. Salvadori, Akern-Jatreia, webinaire de formation continue, Italie<\/p>\n<p>2020 &#8211; Cours de 2e niveau \u00ab\u00a0Ri-Composizione Corporea : l&rsquo;approche nutritionnelle\u00a0\u00bb.<\/p>\n<p>Dr. M. Salvadori &#8211; Dr. M. Mazzilli, Akern-Jatreia, webinaire de formation continue, Italie Milano, Italie<\/p>\n<p>2019 &#8211; Entra\u00eenement pliom\u00e9trique et compos\u00e9 pour les coureurs de course \u00e0 obstacles.<\/p>\n<p>J.T. Godin, Ph.D., CSCS, responsable de l&rsquo;\u00e9ducation \u00e0 la forme, Spartan Race s\u00e9minaire web d&rsquo;\u00e9ducation permanente Spartan SGX<\/p>\n<p>2019 &#8211; P\u00e9riodisation avanc\u00e9e pour les coureurs de steeplechase<\/p>\n<p>J.T. Godin, Ph.D., CSCS, responsable de l&rsquo;\u00e9ducation \u00e0 la forme, Spartan Race Seminario web de educaci\u00f3n continua Spartan SGX<\/p>\n<p>2019 &#8211; Bio-imp\u00e9dance : de la th\u00e9orie \u00e0 la pratique ISSA EUROPE &amp; AKERN, Milano, Italie<\/p>\n<p>2019 &#8211; Seminario de Nivel Avanzado Natural Peaking Workshop \u00ab\u00a0The Complete Bodybuilding contest Prep\u00a0\u00bb, L. Norton &amp; H. Baster Bologna, Italia<\/p>\n<p>2019 &#8211; DIPL\u00d4ME NATIONAL O.P.E.S. ITALIE \u00ab\u00a0Activit\u00e9 sportive gymnastique, pour la sant\u00e9 et la forme\u00a0\u00bb, Niveau BI001, I.S.S.A. Italia-Europe, MIlano, Italie<\/p>\n<p>2018 &#8211; Sp\u00e9cialiste des obstacles Spartan. J.T. Godin, Ph.D., CSCS, responsable de l&rsquo;\u00e9ducation physique, Spartan Race Inc. Novara, Italie<\/p>\n<p>2018 &#8211; Atelier d&rsquo;\u00e9ducation physique Spartan SGX. J.T. Godin, Ph.D., CSCS, responsable de l&rsquo;\u00e9ducation physique, Spartan Race Inc. Lugano. Lugano, Suisse<\/p>\n<p>2018 &#8211; Dipl\u00f4me d&rsquo;entra\u00eeneur Spartan SGX. J.T. Godin, Ph.D., CSCS, Responsable de la formation au fitness, Spartan Race Inc, Lugano, Suisse.<\/p>\n<p>2018 &#8211; Certification TOP COACH \u00ab\u00a0Sustainable Bodybuilding\u00a0\u00bb SBB, Brescia, Italie<\/p>\n<p>2016 &#8211; SBB 4 SPORT, F. Morbidini Coach, Brescia, Italie<\/p>\n<p>2016 &#8211; Formation 4BB SBB, Brescia, Italie<\/p>\n<p>2016 &#8211; Master : COACH 4 BB, SBB, Brescia, Italie<\/p>\n<p>2015 &#8211; Certification Personal Trainer I.A.R.T Maestro M. Lipowski, Firenze, Italie<\/p>\n<p>2015 &#8211; Strenght 4 BB SBB, A. Brunetti Coach, Brescia, Italie<\/p>\n<p>2015 &#8211; Sustainable BB Training : Seminar and Practice SBB, Master Mario Civalleri, Brescia, Italy<\/p>\n<p>2015 &#8211; Natural BodyBuilding Camp M&amp;M approuv\u00e9 par N.B.F.I., Magenta, Italie<\/p>\n<p>2014 &#8211; Natural Peaking \u00ab\u00a0Comment les champions am\u00e9ricains de Natural se pr\u00e9parent \u00e0 \u00eatre au top le jour o\u00f9 \u00e7a compte\u00a0\u00bb. Brescia, Italie<\/p>\n<p>2014 &#8211; Analyse biom\u00e9trique dans le sport M.I.T.T., Milan, Italie<\/p>\n<p>2013 &#8211; Fitness pendant la grossesse ISSA Italia-Europe, Milano, Italie<\/p>\n<p>2013 &#8211; Dipl\u00f4me avanc\u00e9 de sp\u00e9cialiste en composition corporelle ISSA Italia-Europe, Milan, Italie<\/p>\n<p>2013 &#8211; Nutrition, int\u00e9gration et suppl\u00e9mentation ISSA Italia-Europe, Milan, Italie<\/p>\n<p>2013 &#8211; Cours monoth\u00e9matique : Cellulite, d\u00e9shydratation, r\u00e9tention d&rsquo;eau. ISSA Italia-Europe, Milan, Italie<\/p>\n<p>2012 &#8211; Certification de sp\u00e9cialiste en composition corporelle BCS ISSA Italia-Europe, Milan, Italie<\/p>\n<p>2011 &#8211; \u00c9l\u00e9ments de marketing et de communication ISSA Italia-Europe, Milan, Italie<\/p>\n<p>2011 &#8211; Biom\u00e9canique I ISSA Italia-Europe, Milan, Italie<\/p>\n<p>2001 &#8211; CFT Certification di Fitness Trainer ISSA Italia-Europe, Milan, Italie<\/p>\n<p>[\/et_pb_toggle][et_pb_toggle title=\u00a0\u00bbComp\u00e9titions de culturisme\u00a0\u00bb _builder_version=\u00a0\u00bb4.17.6&Prime; _module_preset=\u00a0\u00bbdefault\u00a0\u00bb custom_margin=\u00a0\u00bb||9px|||\u00a0\u00bb global_colors_info=\u00a0\u00bb{}\u00a0\u00bb]<\/p>\n<p>1986 &#8211; 4\u00e8me place cat\u00e9gorie poids l\u00e9ger &#8211; Campionato Bergamasco F.I.A.C.F.\/I.F.B.B. Bergamo, Italia<\/p>\n<p>1991 &#8211; 1\u00e8re place cat\u00e9gorie poids l\u00e9ger &#8211; Grand Prix F.I.B.B.\u00a0\u00bb &#8211; Casirate D&rsquo;Adda (CR), Italie<\/p>\n<p>1992 &#8211; 1\u00e8re place &#8211; cat\u00e9gorie poids moyen &#8211; Golden Mr. Italia F.I.B.B. &#8211; Casirate D&rsquo;Adda (CR), Italia<\/p>\n<p>1999<\/p>\n<p>&#8211; 2\u00e8me place &#8211; classe A.P. tailles hautes &#8211; Mister Italia A.I.C. &#8211; Sapri (SA) Italie<\/p>\n<p>&#8211; 3\u00e8me place dans la classe des tailles jusqu&rsquo;\u00e0 179 cm &#8211; Campionato Nord-Italia F.I.H\/P. &#8211; Cassano d&rsquo;Adda (MI), Italie<\/p>\n<p>&#8211; 3\u00e8me place &#8211; A.P. jusqu&rsquo;\u00e0 la taille cm 180, Grand Prix Flex NUTRITION &#8211; Milano, Italie<\/p>\n<p>2002<\/p>\n<p>&#8211; 2\u00e8me place classe Men fitness over 30 &#8211; WFF Universe &#8211; Gottingen , Allemagne<\/p>\n<p>&#8211; 4\u00e8me place classe Men fitness over 30 &#8211; Championnat du monde WFF &#8211; Gottingen, Allemagne<\/p>\n<p>2003<\/p>\n<p>&#8211; 1\u00e8re place &#8211; Selezione Campionati Italiani A.I.N.B.B. Chiavari (GE), Italie<\/p>\n<p>&#8211; 2\u00e8me place classe A\/P (-2) &#8211; Trofeo dell&rsquo;Adriatico &#8211; Vasto (CH), Italie<\/p>\n<p>&#8211; 3\u00e8me place jusqu&rsquo;\u00e0 la taille cm 179 classe &#8211; Campionato Italiano &#8211; F.I.H\/P. Rimini &#8211; Italie<\/p>\n<p>&#8211; 3\u00e8me place MUSCLEMANIA RIMINI \u00e0 Rimini &#8211; Italie<\/p>\n<p>2004 &#8211; 6\u00e8me place &#8211; Classe hommes fitness plus de 30 ans &#8211; WFF UNIVERSE &#8211; Heidelberg, Allemagne<\/p>\n<p>2005 &#8211; 2\u00e8me place &#8211; Men fitness over 30 &#8211; WFF UNIVERSE &#8211; Hannover, Allemagne<\/p>\n<p>2006 &#8211; 1\u00e8re place &#8211; Fitness hommes plus de 30 ans et vainqueur g\u00e9n\u00e9ral &#8211; WFF UNIVERSE &#8211; Dornbirn, Autriche<\/p>\n<p>2007 &#8211; 3\u00e8me place &#8211; Classe Performance plus de 30 ans &#8211; WFF UNIVERSE &#8211; Northeim, Allemagne<\/p>\n<p>2008 &#8211; 1\u00e8re place &#8211; cat\u00e9gorie Superbody hommes de plus de 40 ans &#8211; Championnat du monde de la WFF &#8211; Petersberg, Allemagne<\/p>\n<p>2009<\/p>\n<p>&#8211; 2\u00e8me place &#8211; classe paire avec Cinzia Chiarenza &#8211; WFF UNIVERSE &#8211; Petersberg, Allemagne<\/p>\n<p>&#8211; 1\u00e8re place &#8211; Classe athl\u00e9tique hommes de plus de 35 ans et vainqueur g\u00e9n\u00e9ral &#8211; CHAMPIONNAT DU MONDE WFF &#8211; Lebach, Allemagne<\/p>\n<p>[\/et_pb_toggle][et_pb_toggle title=\u00a0\u00bbCourses d&rsquo;obstacles \u00a0\u00bb _builder_version=\u00a0\u00bb4.17.6&Prime; _module_preset=\u00a0\u00bbdefault\u00a0\u00bb global_colors_info=\u00a0\u00bb{}\u00a0\u00bb]<\/p>\n<p>2019<\/p>\n<p>&#8211; Spartan Race SPRINT \u00e0 Maggiora &#8211; Italie, FINISHER en Open class<\/p>\n<p>&#8211; Spartan Race SUPER \u00e0 Orte &#8211; Italie, FINISHER en Open class<\/p>\n<p>2022 &#8211; Spartan Race SPRINT \u00e0 Tenerife, Espagne &#8211; FINISHER en Open class<\/p>\n<p>[\/et_pb_toggle][et_pb_text _builder_version=\u00a0\u00bb4.17.6&Prime; _module_preset=\u00a0\u00bbdefault\u00a0\u00bb global_colors_info=\u00a0\u00bb{}\u00a0\u00bb]<\/p>\n<p><strong>Adresse mail: <a href=\"mailto:olibansportlifestyle@gmail.com\">olibansportlifestyle@gmail.com<\/a><\/strong><br \/><strong>Contact : WhatsApp +34 613631470<\/strong><\/p>\n<p>[\/et_pb_text][\/et_pb_column][\/et_pb_row][\/et_pb_section][et_pb_section fb_built=\u00a0\u00bb1&Prime; _builder_version=\u00a0\u00bb4.17.6&Prime; _module_preset=\u00a0\u00bbdefault\u00a0\u00bb custom_margin=\u00a0\u00bb7px|||||\u00a0\u00bb custom_padding=\u00a0\u00bb6px||4px|||\u00a0\u00bb global_colors_info=\u00a0\u00bb{}\u00a0\u00bb][et_pb_row column_structure=\u00a0\u00bb1_2,1_2&Prime; use_custom_gutter=\u00a0\u00bbon\u00a0\u00bb make_equal=\u00a0\u00bbon\u00a0\u00bb module_class=\u00a0\u00bbmiddle\u00a0\u00bb _builder_version=\u00a0\u00bb4.17.6&Prime; _module_preset=\u00a0\u00bbdefault\u00a0\u00bb global_colors_info=\u00a0\u00bb{}\u00a0\u00bb][et_pb_column type=\u00a0\u00bb1_2&Prime; _builder_version=\u00a0\u00bb4.17.6&Prime; _module_preset=\u00a0\u00bbdefault\u00a0\u00bb global_colors_info=\u00a0\u00bb{}\u00a0\u00bb][et_pb_text _builder_version=\u00a0\u00bb4.27.4&Prime; _module_preset=\u00a0\u00bbdefault\u00a0\u00bb header_2_font=\u00a0\u00bbOswald||||||||\u00a0\u00bb header_2_text_color=\u00a0\u00bb#eb230b\u00a0\u00bb header_2_font_size=\u00a0\u00bb34px\u00a0\u00bb header_2_letter_spacing=\u00a0\u00bb2px\u00a0\u00bb header_2_line_height=\u00a0\u00bb1.2em\u00a0\u00bb header_3_font=\u00a0\u00bbOswald||||||||\u00a0\u00bb header_3_text_color=\u00a0\u00bb#303030&Prime; header_3_letter_spacing=\u00a0\u00bb1px\u00a0\u00bb global_colors_info=\u00a0\u00bb{}\u00a0\u00bb]<\/p>\n<h2>Tine De Croix<\/h2>\n<h3><strong><u><span>Physioth\u00e9rapeute et instructeur de Pilates<\/span><\/u><\/strong><\/h3>\n<p>[\/et_pb_text][et_pb_toggle title=\u00a0\u00bbProfil\u00a0\u00bb _builder_version=\u00a0\u00bb4.17.6&Prime; _module_preset=\u00a0\u00bbdefault\u00a0\u00bb custom_margin=\u00a0\u00bb||9px|||\u00a0\u00bb locked=\u00a0\u00bboff\u00a0\u00bb global_colors_info=\u00a0\u00bb{}\u00a0\u00bb]<\/p>\n<p>Bonjour, je m\u2019appelle Tine.<\/p>\n<p>Vous pouvez me contacter pour la physioth\u00e9rapie g\u00e9n\u00e9rale, la r\u00e9\u00e9ducation apr\u00e8s op\u00e9rations et Pilates.<\/p>\n<p>Je suis heureuse de traiter vos probl\u00e8mes physiques ou vos affections telles qu\u2019une entorse de la cheville, un tennis elbow, des douleurs au bas du dos, des douleurs au cou et aux \u00e9paules, et bien plus encore.<\/p>\n<p>En tant qu\u2019instructeur de cours collectifs, la salle de sport est ma deuxi\u00e8me habitat depuis de nombreuses ann\u00e9es. J\u2019aime \u00eatre aux avant-postes dans des cours comme le piloxing, le Bodypump\u00ae (Les Mills) et le core training.<\/p>\n<p>Ma grande passion est le Pilates, une m\u00e9thode d\u2019entra\u00eenement fonctionnel qui rend tout le corps plus fort et plus flexible. En plus d\u2019enseigner en groupe ou personnellement, j\u2019aime utiliser cette m\u00e9thode en compl\u00e9ment des traitements de physioth\u00e9rapie.<\/p>\n<p>Ma langue maternelle est le n\u00e9erlandais, mais je peux \u00e9galement vous aider en fran\u00e7ais, anglais ou espagnol.<\/p>\n<p>[\/et_pb_toggle][et_pb_toggle title=\u00a0\u00bbFormation \/ \u00c9ducation\u00a0\u00bb _builder_version=\u00a0\u00bb4.17.6&Prime; _module_preset=\u00a0\u00bbdefault\u00a0\u00bb custom_margin=\u00a0\u00bb||9px|||\u00a0\u00bb locked=\u00a0\u00bboff\u00a0\u00bb global_colors_info=\u00a0\u00bb{}\u00a0\u00bb]<\/p>\n<p>2023 \u2013 Master en Sciences de la R\u00e9adaptation et Physioth\u00e9rapie, sp\u00e9cialisation Sciences de la R\u00e9adaptation et Physioth\u00e9rapie dans les Troubles Musculo-squelettiques, Universit\u00e9 de Gand, Belgique<\/p>\n<p>2021 \u2013 Bachelor en Sciences de la R\u00e9adaptation et Physioth\u00e9rapie, Universit\u00e9 de Gand, Belgique<\/p>\n<p>2017 \u2013 Certificat Peak Pilates\u00ae Comprehensive niveau I, Yves De Moor (Y-Pilates), Gand, Belgique Zone de travail Physioth\u00e9rapeute<\/p>\n<p>[\/et_pb_toggle][et_pb_toggle title=\u00a0\u00bbSp\u00e9cialit\u00e9s \u00a0\u00bb _builder_version=\u00a0\u00bb4.27.4&Prime; _module_preset=\u00a0\u00bbdefault\u00a0\u00bb custom_margin=\u00a0\u00bb||9px|||\u00a0\u00bb locked=\u00a0\u00bboff\u00a0\u00bb global_colors_info=\u00a0\u00bb{}\u00a0\u00bb]<\/p>\n<p>&#8211; Physioth\u00e9rapie g\u00e9n\u00e9rale: Traitement de divers troubles de l&rsquo;appareil locomoteur apr\u00e8s un traumatisme physique (entorse de la cheville, luxations,&#8230;) ou des affections chroniques dues \u00e0 une utilisation excessive (tennis elbow, probl\u00e8mes de cou et de dos, douleurs \u00e0 l&rsquo;\u00e9paule,&#8230;)<\/p>\n<p>&#8211; Physioth\u00e9rapie pr\u00e9- et postnatale<\/p>\n<p>&#8211; Traitement des maladies chroniques: troubles cardiovasculaires, neurologiques, m\u00e9taboliques ou respiratoires (BPCO, maladie de Parkinson, fibromyalgie, etc.)<\/p>\n<p>&#8211; R\u00e9\u00e9ducation apr\u00e8s op\u00e9rations ou accidents<\/p>\n<p>&#8211; R\u00e9cup\u00e9ration des d\u00e9s\u00e9quilibres de diff\u00e9rents groupes musculaires, pouvant \u00eatre responsables de certaines plaintes de surcharge<\/p>\n<p>&#8211; Apprendre la bonne posture lors des activit\u00e9s quotidiennes<\/p>\n<p>&#8211; Exercices sp\u00e9cifiques pour les maux de dos chroniques<\/p>\n<p>&#8211; Instructeur de Pilates<\/p>\n<p>[\/et_pb_toggle][et_pb_text _builder_version=\u00a0\u00bb4.27.4&Prime; _module_preset=\u00a0\u00bbdefault\u00a0\u00bb header_3_font=\u00a0\u00bbOswald||||||||\u00a0\u00bb header_3_font_size=\u00a0\u00bb25px\u00a0\u00bb header_3_letter_spacing=\u00a0\u00bb2px\u00a0\u00bb global_colors_info=\u00a0\u00bb{}\u00a0\u00bb]<\/p>\n<p><strong>Tel:<a href=\"tel:0034683247281\"> (+34) 683 24 72 81<\/a><\/strong><br \/><strong>E-mail: <a href=\"mailto:info@fisiopilatestine.es\"><span>info@fisiopilatestine.es<\/span><\/a><\/strong><\/p>\n<p>&nbsp;<\/p>\n<p>&nbsp;<\/p>\n<p>[\/et_pb_text][\/et_pb_column][et_pb_column type=\u00a0\u00bb1_2&Prime; _builder_version=\u00a0\u00bb4.17.6&Prime; _module_preset=\u00a0\u00bbdefault\u00a0\u00bb global_colors_info=\u00a0\u00bb{}\u00a0\u00bb][et_pb_image src=\u00a0\u00bbhttps:\/\/gym-fit.es\/wp-content\/uploads\/2024\/03\/Tine-de-Croix.jpg\u00a0\u00bb title_text=\u00a0\u00bbTine de Croix\u00a0\u00bb align=\u00a0\u00bbcenter\u00a0\u00bb align_tablet=\u00a0\u00bbcenter\u00a0\u00bb align_phone=\u00a0\u00bbcenter\u00a0\u00bb align_last_edited=\u00a0\u00bbon|desktop\u00a0\u00bb module_class=\u00a0\u00bbclass-margg\u00a0\u00bb _builder_version=\u00a0\u00bb4.17.6&Prime; custom_padding=\u00a0\u00bb||||false|false\u00a0\u00bb custom_padding_tablet=\u00a0\u00bb\u00a0\u00bb custom_padding_phone=\u00a0\u00bb|0px||\u00a0\u00bb custom_padding_last_edited=\u00a0\u00bbon|phone\u00a0\u00bb border_radii=\u00a0\u00bboff||13vw||\u00a0\u00bb box_shadow_style=\u00a0\u00bbpreset3&Prime; box_shadow_vertical=\u00a0\u00bb72px\u00a0\u00bb box_shadow_blur=\u00a0\u00bb130px\u00a0\u00bb box_shadow_spread=\u00a0\u00bb-32px\u00a0\u00bb box_shadow_color=\u00a0\u00bbrgba(149,173,193,0.55)\u00a0\u00bb global_colors_info=\u00a0\u00bb{}\u00a0\u00bb box_shadow_blur__hover=\u00a0\u00bb120px\u00a0\u00bb box_shadow_color__hover=\u00a0\u00bbrgba(149,173,193,0.29)\u00a0\u00bb][\/et_pb_image][\/et_pb_column][\/et_pb_row][et_pb_row column_structure=\u00a0\u00bb1_2,1_2&Prime; use_custom_gutter=\u00a0\u00bbon\u00a0\u00bb make_equal=\u00a0\u00bbon\u00a0\u00bb module_class=\u00a0\u00bbmiddle\u00a0\u00bb _builder_version=\u00a0\u00bb4.17.6&Prime; _module_preset=\u00a0\u00bbdefault\u00a0\u00bb global_colors_info=\u00a0\u00bb{}\u00a0\u00bb][et_pb_column type=\u00a0\u00bb1_2&Prime; _builder_version=\u00a0\u00bb4.17.6&Prime; _module_preset=\u00a0\u00bbdefault\u00a0\u00bb global_colors_info=\u00a0\u00bb{}\u00a0\u00bb][et_pb_image src=\u00a0\u00bbhttps:\/\/gym-fit.es\/wp-content\/uploads\/2025\/03\/Sara-Poric-3.jpg\u00a0\u00bb title_text=\u00a0\u00bbSara Pori\u0107 3&Prime; align=\u00a0\u00bbcenter\u00a0\u00bb align_tablet=\u00a0\u00bbcenter\u00a0\u00bb align_phone=\u00a0\u00bbcenter\u00a0\u00bb align_last_edited=\u00a0\u00bbon|desktop\u00a0\u00bb module_class=\u00a0\u00bbclass-margg\u00a0\u00bb _builder_version=\u00a0\u00bb4.27.4&Prime; custom_padding=\u00a0\u00bb||||false|false\u00a0\u00bb custom_padding_tablet=\u00a0\u00bb\u00a0\u00bb custom_padding_phone=\u00a0\u00bb|0px||\u00a0\u00bb custom_padding_last_edited=\u00a0\u00bbon|phone\u00a0\u00bb border_radii=\u00a0\u00bboff||13vw||\u00a0\u00bb box_shadow_style=\u00a0\u00bbpreset3&Prime; box_shadow_vertical=\u00a0\u00bb72px\u00a0\u00bb box_shadow_blur=\u00a0\u00bb130px\u00a0\u00bb box_shadow_spread=\u00a0\u00bb-32px\u00a0\u00bb box_shadow_color=\u00a0\u00bbrgba(149,173,193,0.55)\u00a0\u00bb global_colors_info=\u00a0\u00bb{}\u00a0\u00bb box_shadow_blur__hover=\u00a0\u00bb120px\u00a0\u00bb box_shadow_color__hover=\u00a0\u00bbrgba(149,173,193,0.29)\u00a0\u00bb][\/et_pb_image][\/et_pb_column][et_pb_column type=\u00a0\u00bb1_2&Prime; _builder_version=\u00a0\u00bb4.17.6&Prime; _module_preset=\u00a0\u00bbdefault\u00a0\u00bb global_colors_info=\u00a0\u00bb{}\u00a0\u00bb][et_pb_text _builder_version=\u00a0\u00bb4.17.6&Prime; _module_preset=\u00a0\u00bbdefault\u00a0\u00bb header_2_font=\u00a0\u00bbOswald||||||||\u00a0\u00bb header_2_text_color=\u00a0\u00bb#eb230b\u00a0\u00bb header_2_font_size=\u00a0\u00bb34px\u00a0\u00bb header_2_letter_spacing=\u00a0\u00bb2px\u00a0\u00bb header_2_line_height=\u00a0\u00bb1.2em\u00a0\u00bb header_3_font=\u00a0\u00bbOswald||||||||\u00a0\u00bb header_3_text_color=\u00a0\u00bb#303030&Prime; header_3_letter_spacing=\u00a0\u00bb1px\u00a0\u00bb global_colors_info=\u00a0\u00bb{}\u00a0\u00bb]<\/p>\n<h2><span data-olk-copy-source=\"MessageBody\">Sara Pori\u0107<\/span><\/h2>\n<p><strong>Mon offre de services<\/strong><\/p>\n<p><span>Entraineur personnelle avec plus de 6 ans d&rsquo;exp\u00e9rience dans le monde du fitness.<\/span><br \/><span>Ma mission est d&rsquo;aider les femmes \u00e0 transformer leur corps, \u00e0 am\u00e9liorer leur sant\u00e9 physique et mentale et \u00e0 accro\u00eetre leur confiance en elles.<\/span><br \/><span>Je m&rsquo;efforce de cr\u00e9er un environnement o\u00f9 chaque femme se sent forte, soutenue et motiv\u00e9e.<\/span><br \/><span>J&rsquo;offre une formation personnelle individuelle en direct, des programmes d&rsquo;entra\u00eenement individuels et des conseils nutritionnels de base.<\/span><br \/><span>De plus, si vous le souhaitez, je fournis des recommandations g\u00e9n\u00e9rales pour vos futurs entra\u00eenements.<\/span><\/p>\n<p>[\/et_pb_text][et_pb_toggle title=\u00a0\u00bbSp\u00e9cilisations\u00a0\u00bb _builder_version=\u00a0\u00bb4.17.6&Prime; _module_preset=\u00a0\u00bbdefault\u00a0\u00bb custom_margin=\u00a0\u00bb||9px|||\u00a0\u00bb locked=\u00a0\u00bboff\u00a0\u00bb global_colors_info=\u00a0\u00bb{}\u00a0\u00bb]<\/p>\n<p><span>&#8211; Sculpter et tonifier le corps.<\/span><br \/><span>&#8211; \u2060Perte de poids et gain de masse musculaire<br \/><\/span><span style=\"font-size: 14px;\">&#8211; Programmes de formation personnalis\u00e9s.<br \/><\/span><span style=\"font-size: 14px;\">&#8211; Une approche int\u00e9grale qui promeut un mode de vie sain et des r\u00e9sultats durables.<\/span><\/p>\n<p>[\/et_pb_toggle][et_pb_toggle title=\u00a0\u00bbContactez-moi si vous voulez :\u00a0\u00bb _builder_version=\u00a0\u00bb4.27.4&Prime; _module_preset=\u00a0\u00bbdefault\u00a0\u00bb custom_margin=\u00a0\u00bb||9px|||\u00a0\u00bb locked=\u00a0\u00bboff\u00a0\u00bb global_colors_info=\u00a0\u00bb{}\u00a0\u00bb]<\/p>\n<p><span>&#8211; Sculpter et renforcer votre corps.<br \/><\/span><span>&#8211; Atteindre des r\u00e9sultats durables.<br \/><\/span><span>&#8211; Construire des habitudes saines et adopter un mode de vie actif.<br \/><\/span><span>&#8211; Entra\u00eener dans un environnement de soutien et de motivation.<br \/><\/span><span>&#8211; Prendre soin de votre sant\u00e9 et am\u00e9liorer votre bien-\u00eatre g\u00e9n\u00e9ral.<\/span><\/p>\n<p>[\/et_pb_toggle][et_pb_text _builder_version=\u00a0\u00bb4.27.4&Prime; _module_preset=\u00a0\u00bbdefault\u00a0\u00bb header_3_font=\u00a0\u00bbOswald||||||||\u00a0\u00bb header_3_font_size=\u00a0\u00bb25px\u00a0\u00bb header_3_letter_spacing=\u00a0\u00bb2px\u00a0\u00bb global_colors_info=\u00a0\u00bb{}\u00a0\u00bb]<\/p>\n<h2><\/h2>\n<p><strong>Instagram : <span data-olk-copy-source=\"MessageBody\">sar_fittt<\/span><\/strong><br \/><strong>WhatsApp : <a href=\"tel:0038640187867\"><span data-olk-copy-source=\"MessageBody\">(+386)40 187 867<\/span><\/a><\/strong><\/p>\n<p>&nbsp;<\/p>\n<p>[\/et_pb_text][\/et_pb_column][\/et_pb_row][et_pb_row column_structure=\u00a0\u00bb1_2,1_2&Prime; use_custom_gutter=\u00a0\u00bbon\u00a0\u00bb make_equal=\u00a0\u00bbon\u00a0\u00bb module_class=\u00a0\u00bbmiddle\u00a0\u00bb _builder_version=\u00a0\u00bb4.17.6&Prime; _module_preset=\u00a0\u00bbdefault\u00a0\u00bb global_colors_info=\u00a0\u00bb{}\u00a0\u00bb][et_pb_column type=\u00a0\u00bb1_2&Prime; _builder_version=\u00a0\u00bb4.17.6&Prime; _module_preset=\u00a0\u00bbdefault\u00a0\u00bb global_colors_info=\u00a0\u00bb{}\u00a0\u00bb][et_pb_text _builder_version=\u00a0\u00bb4.27.4&Prime; _module_preset=\u00a0\u00bbdefault\u00a0\u00bb header_2_font=\u00a0\u00bbOswald||||||||\u00a0\u00bb header_2_text_color=\u00a0\u00bb#eb230b\u00a0\u00bb header_2_font_size=\u00a0\u00bb34px\u00a0\u00bb header_2_letter_spacing=\u00a0\u00bb2px\u00a0\u00bb header_2_line_height=\u00a0\u00bb1.2em\u00a0\u00bb header_3_font=\u00a0\u00bbOswald||||||||\u00a0\u00bb header_3_text_color=\u00a0\u00bb#303030&Prime; header_3_letter_spacing=\u00a0\u00bb1px\u00a0\u00bb global_colors_info=\u00a0\u00bb{}\u00a0\u00bb]<\/p>\n<h2><span data-olk-copy-source=\"MessageBody\">Alba Carrillo<\/span><\/h2>\n<h3>Instructrice de musculation et coach sportive<\/h3>\n<p>[\/et_pb_text][et_pb_toggle title=\u00a0\u00bbProfil\u00a0\u00bb _builder_version=\u00a0\u00bb4.27.4&Prime; _module_preset=\u00a0\u00bbdefault\u00a0\u00bb custom_margin=\u00a0\u00bb||9px|||\u00a0\u00bb locked=\u00a0\u00bboff\u00a0\u00bb global_colors_info=\u00a0\u00bb{}\u00a0\u00bb]<\/p>\n<p data-start=\"44\" data-end=\"412\">J\u2019accompagne des femmes qui souhaitent gagner en force, en confiance et am\u00e9liorer leur physique, sans r\u00e9gimes extr\u00eames ni routines impossibles.<br data-start=\"187\" data-end=\"190\" \/>S\u2019entra\u00eener, ce n\u2019est pas seulement transformer ton corps, c\u2019est apprendre \u00e0 t\u2019aimer, te respecter et te d\u00e9passer chaque jour.<\/p>\n<p data-start=\"44\" data-end=\"412\"><br data-start=\"316\" data-end=\"319\" \/>\u2728 Ensemble, nous construirons la meilleure version de toi-m\u00eame : forte, saine et s\u00fbre de toi.<br \/>\ud83d\udcaa\ud83c\udffc Instructrice de musculation et coach sportive<br data-start=\"464\" data-end=\"467\" \/>\ud83c\udf38 Entra\u00eenements pour des femmes r\u00e9elles<br data-start=\"507\" data-end=\"510\" \/>\u2728 Force, confiance et bien-\u00eatre<\/p>\n<p>[\/et_pb_toggle][et_pb_text _builder_version=\u00a0\u00bb4.27.4&Prime; _module_preset=\u00a0\u00bbdefault\u00a0\u00bb header_3_font=\u00a0\u00bbOswald||||||||\u00a0\u00bb header_3_font_size=\u00a0\u00bb25px\u00a0\u00bb header_3_letter_spacing=\u00a0\u00bb2px\u00a0\u00bb global_colors_info=\u00a0\u00bb{}\u00a0\u00bb]<\/p>\n<p><strong>Tel: <a href=\"tel:647308700\">647308700<\/a><\/strong><br \/><strong>E-mail: <a href=\"mailto:albacarrillofit@gmail.com\"><span data-olk-copy-source=\"MessageBody\">albacarrillofit@gmail.com<\/span><\/a><\/strong><\/p>\n<p>&nbsp;<\/p>\n<p>&nbsp;<\/p>\n<p>[\/et_pb_text][\/et_pb_column][et_pb_column type=\u00a0\u00bb1_2&Prime; _builder_version=\u00a0\u00bb4.17.6&Prime; _module_preset=\u00a0\u00bbdefault\u00a0\u00bb global_colors_info=\u00a0\u00bb{}\u00a0\u00bb][et_pb_image src=\u00a0\u00bbhttps:\/\/gym-fit.es\/wp-content\/uploads\/2025\/11\/Alba-Carrillo.jpg\u00a0\u00bb title_text=\u00a0\u00bbAlba Carrillo\u00a0\u00bb align=\u00a0\u00bbcenter\u00a0\u00bb align_tablet=\u00a0\u00bbcenter\u00a0\u00bb align_phone=\u00a0\u00bbcenter\u00a0\u00bb align_last_edited=\u00a0\u00bbon|desktop\u00a0\u00bb module_class=\u00a0\u00bbclass-margg\u00a0\u00bb _builder_version=\u00a0\u00bb4.27.4&Prime; custom_padding=\u00a0\u00bb||||false|false\u00a0\u00bb custom_padding_tablet=\u00a0\u00bb\u00a0\u00bb custom_padding_phone=\u00a0\u00bb|0px||\u00a0\u00bb custom_padding_last_edited=\u00a0\u00bbon|phone\u00a0\u00bb border_radii=\u00a0\u00bboff||13vw||\u00a0\u00bb box_shadow_style=\u00a0\u00bbpreset3&Prime; box_shadow_vertical=\u00a0\u00bb72px\u00a0\u00bb box_shadow_blur=\u00a0\u00bb130px\u00a0\u00bb box_shadow_spread=\u00a0\u00bb-32px\u00a0\u00bb box_shadow_color=\u00a0\u00bbrgba(149,173,193,0.55)\u00a0\u00bb global_colors_info=\u00a0\u00bb{}\u00a0\u00bb box_shadow_blur__hover=\u00a0\u00bb120px\u00a0\u00bb box_shadow_color__hover=\u00a0\u00bbrgba(149,173,193,0.29)\u00a0\u00bb][\/et_pb_image][\/et_pb_column][\/et_pb_row][\/et_pb_section]<\/p>\n","protected":false},"excerpt":{"rendered":"<p>Andrea Maria Felice Oliban Certified Fitness Trainer &amp; Body Composition Specialiat Entra\u00eeneur personnel sp\u00e9cialis\u00e9 dans la recomposition corporelle. Atteignez votre meilleure forme physique \u00e0 tout \u00e2ge. Contr\u00f4ler sa composition corporelle \u00e9tape par \u00e9tape : L&rsquo;hydratation, Masse musculaire, Masse grasse, Sant\u00e9 des cellules il est possible de reprogrammer rapidement votre activit\u00e9 physique sans perdre de temps [&hellip;]<\/p>\n","protected":false},"author":2,"featured_media":0,"parent":0,"menu_order":0,"comment_status":"closed","ping_status":"closed","template":"","meta":{"_et_pb_use_builder":"on","_et_pb_old_content":"","_et_gb_content_width":"","footnotes":""},"class_list":["post-1039","page","type-page","status-publish","hentry"],"aioseo_notices":[],"yoast_head":"<!-- This site is optimized with the Yoast SEO plugin v26.7 - https:\/\/yoast.com\/wordpress\/plugins\/seo\/ -->\n<title>Notre \u00e9quipe - Gym-Fit<\/title>\n<meta name=\"robots\" content=\"index, follow, max-snippet:-1, max-image-preview:large, max-video-preview:-1\" \/>\n<link rel=\"canonical\" href=\"https:\/\/gym-fit.es\/fr\/nuestro-equipo\/\" \/>\n<meta property=\"og:locale\" content=\"fr_FR\" \/>\n<meta property=\"og:type\" content=\"article\" \/>\n<meta property=\"og:title\" content=\"Notre \u00e9quipe - Gym-Fit\" \/>\n<meta property=\"og:description\" content=\"Andrea Maria Felice Oliban Certified Fitness Trainer &amp; Body Composition Specialiat Entra\u00eeneur personnel sp\u00e9cialis\u00e9 dans la recomposition corporelle. Atteignez votre meilleure forme physique \u00e0 tout \u00e2ge. Contr\u00f4ler sa composition corporelle \u00e9tape par \u00e9tape : L&#039;hydratation, Masse musculaire, Masse grasse, Sant\u00e9 des cellules il est possible de reprogrammer rapidement votre activit\u00e9 physique sans perdre de temps [&hellip;]\" \/>\n<meta property=\"og:url\" content=\"https:\/\/gym-fit.es\/fr\/nuestro-equipo\/\" \/>\n<meta property=\"og:site_name\" content=\"Gym-Fit\" \/>\n<meta property=\"article:modified_time\" content=\"2025-11-13T15:43:46+00:00\" \/>\n<meta property=\"og:image\" content=\"https:\/\/gym-fit.es\/wp-content\/uploads\/2023\/06\/logo-gym-fit.png\" \/>\n\t<meta property=\"og:image:width\" content=\"591\" \/>\n\t<meta property=\"og:image:height\" content=\"591\" \/>\n\t<meta property=\"og:image:type\" content=\"image\/png\" \/>\n<meta name=\"twitter:card\" content=\"summary_large_image\" \/>\n<meta name=\"twitter:label1\" content=\"Dur\u00e9e de lecture estim\u00e9e\" \/>\n\t<meta name=\"twitter:data1\" content=\"3 minutes\" \/>\n<script type=\"application\/ld+json\" class=\"yoast-schema-graph\">{\"@context\":\"https:\/\/schema.org\",\"@graph\":[{\"@type\":\"WebPage\",\"@id\":\"https:\/\/gym-fit.es\/fr\/nuestro-equipo\/\",\"url\":\"https:\/\/gym-fit.es\/fr\/nuestro-equipo\/\",\"name\":\"Notre \u00e9quipe - Gym-Fit\",\"isPartOf\":{\"@id\":\"https:\/\/gym-fit.es\/fr\/#website\"},\"datePublished\":\"2024-03-06T14:37:47+00:00\",\"dateModified\":\"2025-11-13T15:43:46+00:00\",\"breadcrumb\":{\"@id\":\"https:\/\/gym-fit.es\/fr\/nuestro-equipo\/#breadcrumb\"},\"inLanguage\":\"fr-FR\",\"potentialAction\":[{\"@type\":\"ReadAction\",\"target\":[\"https:\/\/gym-fit.es\/fr\/nuestro-equipo\/\"]}]},{\"@type\":\"BreadcrumbList\",\"@id\":\"https:\/\/gym-fit.es\/fr\/nuestro-equipo\/#breadcrumb\",\"itemListElement\":[{\"@type\":\"ListItem\",\"position\":1,\"name\":\"Accueil\",\"item\":\"https:\/\/gym-fit.es\/fr\/\"},{\"@type\":\"ListItem\",\"position\":2,\"name\":\"Notre \u00e9quipe\"}]},{\"@type\":\"WebSite\",\"@id\":\"https:\/\/gym-fit.es\/fr\/#website\",\"url\":\"https:\/\/gym-fit.es\/fr\/\",\"name\":\"Gym-Fit\",\"description\":\"\",\"publisher\":{\"@id\":\"https:\/\/gym-fit.es\/fr\/#organization\"},\"potentialAction\":[{\"@type\":\"SearchAction\",\"target\":{\"@type\":\"EntryPoint\",\"urlTemplate\":\"https:\/\/gym-fit.es\/fr\/?s={search_term_string}\"},\"query-input\":{\"@type\":\"PropertyValueSpecification\",\"valueRequired\":true,\"valueName\":\"search_term_string\"}}],\"inLanguage\":\"fr-FR\"},{\"@type\":\"Organization\",\"@id\":\"https:\/\/gym-fit.es\/fr\/#organization\",\"name\":\"Gym-Fit\",\"url\":\"https:\/\/gym-fit.es\/fr\/\",\"logo\":{\"@type\":\"ImageObject\",\"inLanguage\":\"fr-FR\",\"@id\":\"https:\/\/gym-fit.es\/fr\/#\/schema\/logo\/image\/\",\"url\":\"https:\/\/gym-fit.es\/wp-content\/uploads\/2023\/06\/logo-gym-fit.png\",\"contentUrl\":\"https:\/\/gym-fit.es\/wp-content\/uploads\/2023\/06\/logo-gym-fit.png\",\"width\":591,\"height\":591,\"caption\":\"Gym-Fit\"},\"image\":{\"@id\":\"https:\/\/gym-fit.es\/fr\/#\/schema\/logo\/image\/\"}}]}<\/script>\n<!-- \/ Yoast SEO plugin. -->","yoast_head_json":{"title":"Notre \u00e9quipe - Gym-Fit","robots":{"index":"index","follow":"follow","max-snippet":"max-snippet:-1","max-image-preview":"max-image-preview:large","max-video-preview":"max-video-preview:-1"},"canonical":"https:\/\/gym-fit.es\/fr\/nuestro-equipo\/","og_locale":"fr_FR","og_type":"article","og_title":"Notre \u00e9quipe - Gym-Fit","og_description":"Andrea Maria Felice Oliban Certified Fitness Trainer &amp; Body Composition Specialiat Entra\u00eeneur personnel sp\u00e9cialis\u00e9 dans la recomposition corporelle. Atteignez votre meilleure forme physique \u00e0 tout \u00e2ge. Contr\u00f4ler sa composition corporelle \u00e9tape par \u00e9tape : L'hydratation, Masse musculaire, Masse grasse, Sant\u00e9 des cellules il est possible de reprogrammer rapidement votre activit\u00e9 physique sans perdre de temps [&hellip;]","og_url":"https:\/\/gym-fit.es\/fr\/nuestro-equipo\/","og_site_name":"Gym-Fit","article_modified_time":"2025-11-13T15:43:46+00:00","og_image":[{"width":591,"height":591,"url":"https:\/\/gym-fit.es\/wp-content\/uploads\/2023\/06\/logo-gym-fit.png","type":"image\/png"}],"twitter_card":"summary_large_image","twitter_misc":{"Dur\u00e9e de lecture estim\u00e9e":"3 minutes"},"schema":{"@context":"https:\/\/schema.org","@graph":[{"@type":"WebPage","@id":"https:\/\/gym-fit.es\/fr\/nuestro-equipo\/","url":"https:\/\/gym-fit.es\/fr\/nuestro-equipo\/","name":"Notre \u00e9quipe - Gym-Fit","isPartOf":{"@id":"https:\/\/gym-fit.es\/fr\/#website"},"datePublished":"2024-03-06T14:37:47+00:00","dateModified":"2025-11-13T15:43:46+00:00","breadcrumb":{"@id":"https:\/\/gym-fit.es\/fr\/nuestro-equipo\/#breadcrumb"},"inLanguage":"fr-FR","potentialAction":[{"@type":"ReadAction","target":["https:\/\/gym-fit.es\/fr\/nuestro-equipo\/"]}]},{"@type":"BreadcrumbList","@id":"https:\/\/gym-fit.es\/fr\/nuestro-equipo\/#breadcrumb","itemListElement":[{"@type":"ListItem","position":1,"name":"Accueil","item":"https:\/\/gym-fit.es\/fr\/"},{"@type":"ListItem","position":2,"name":"Notre \u00e9quipe"}]},{"@type":"WebSite","@id":"https:\/\/gym-fit.es\/fr\/#website","url":"https:\/\/gym-fit.es\/fr\/","name":"Gym-Fit","description":"","publisher":{"@id":"https:\/\/gym-fit.es\/fr\/#organization"},"potentialAction":[{"@type":"SearchAction","target":{"@type":"EntryPoint","urlTemplate":"https:\/\/gym-fit.es\/fr\/?s={search_term_string}"},"query-input":{"@type":"PropertyValueSpecification","valueRequired":true,"valueName":"search_term_string"}}],"inLanguage":"fr-FR"},{"@type":"Organization","@id":"https:\/\/gym-fit.es\/fr\/#organization","name":"Gym-Fit","url":"https:\/\/gym-fit.es\/fr\/","logo":{"@type":"ImageObject","inLanguage":"fr-FR","@id":"https:\/\/gym-fit.es\/fr\/#\/schema\/logo\/image\/","url":"https:\/\/gym-fit.es\/wp-content\/uploads\/2023\/06\/logo-gym-fit.png","contentUrl":"https:\/\/gym-fit.es\/wp-content\/uploads\/2023\/06\/logo-gym-fit.png","width":591,"height":591,"caption":"Gym-Fit"},"image":{"@id":"https:\/\/gym-fit.es\/fr\/#\/schema\/logo\/image\/"}}]}},"_links":{"self":[{"href":"https:\/\/gym-fit.es\/fr\/wp-json\/wp\/v2\/pages\/1039","targetHints":{"allow":["GET"]}}],"collection":[{"href":"https:\/\/gym-fit.es\/fr\/wp-json\/wp\/v2\/pages"}],"about":[{"href":"https:\/\/gym-fit.es\/fr\/wp-json\/wp\/v2\/types\/page"}],"author":[{"embeddable":true,"href":"https:\/\/gym-fit.es\/fr\/wp-json\/wp\/v2\/users\/2"}],"replies":[{"embeddable":true,"href":"https:\/\/gym-fit.es\/fr\/wp-json\/wp\/v2\/comments?post=1039"}],"version-history":[{"count":41,"href":"https:\/\/gym-fit.es\/fr\/wp-json\/wp\/v2\/pages\/1039\/revisions"}],"predecessor-version":[{"id":2323,"href":"https:\/\/gym-fit.es\/fr\/wp-json\/wp\/v2\/pages\/1039\/revisions\/2323"}],"wp:attachment":[{"href":"https:\/\/gym-fit.es\/fr\/wp-json\/wp\/v2\/media?parent=1039"}],"curies":[{"name":"wp","href":"https:\/\/api.w.org\/{rel}","templated":true}]}}